{"id":400,"date":"2020-07-25T22:11:00","date_gmt":"2020-07-25T20:11:00","guid":{"rendered":"http:\/\/broerart.com\/portfolio\/?page_id=400"},"modified":"2023-04-19T11:40:25","modified_gmt":"2023-04-19T09:40:25","slug":"news-2","status":"publish","type":"page","link":"http:\/\/broerart.com\/portfolio\/news-2\/","title":{"rendered":"News-2"},"content":{"rendered":"\n<div style=\"height:100px\" aria-hidden=\"true\" class=\"wp-block-spacer\"><\/div>\n\n\n\n<p>Ank\u00fcndigung der Ausstellung: <\/p>\n\n\n\n<p><strong>preisGEBEN<\/strong> ::: thematische Gruppenausstellung in der xpon-art gallery<br><br>Er\u00f6ffnung am Donnerstag, den 13. April 2023 um 19 Uhr<br>Im Anschluss ge\u00f6ffnet bis zum 14. Mai 2023<br>Performance zur Finissage um 14 Uhr<\/p>\n\n\n\n<p><strong>Teilnehmende K\u00fcnstler:innen:<\/strong><br>Almut E. Bro\u00ebr, Anna Grahlmann, Anna Rose, Lilli Weinstein, Mathias Will, Rolf Naedler,&nbsp; Simone Fezer + Ele Runge, Timothy Barnes<\/p>\n\n\n\n<p>Mit Preisen ist das so eine Sache. Das wissen K\u00fcnstler:innen sp\u00e4testens dann, wenn sie ihre eigene Arbeit bepreisen m\u00fcssen. Wenn das denn das einzige Dilemma w\u00e4re. Schon vorher beginnt die Qual, wieviel wird in den Werken von einem selbst preisgegeben, will man das? Oder muss man das? Welche Opfer ist man gewillt zu bringen? Das Thema ist vielschichtig und ber\u00fchrt das Feld der Kunst auf vielen Ebenen. Und sp\u00e4testens wenn das Werk von Produzent:innen-Seite zur Rezipient:innen-Seite migriert, oder gar in die (kunst)historische Betrachtung, offenbart sich ein Spiegel der Zeit und Gesellschaftt und das Spiel beginnt von Neuem.&nbsp;<br>Wir zeigen Installation, Zeichnung, Malerei, Fotografie und Video zum Themenfeld und beenden die Ausstellung zur Finissage mit einer performativen Litanei zum Verh\u00e4ltnis von Preisen und Kunst.<\/p>\n\n\n\n<p>Die Arbeiten von ALMUT E. BRO\u00cbR setzen sich mit der dem Arsenal des Milit\u00e4rs entstammenden &#8222;Boiling the frog&#8220;-Strategie auseinander, den Frosch zu kochen, ohne dass er es merkt.&nbsp;&nbsp;<br>DIN A4 Bleistiftzeichnungen regen den Betrachter an, sich mit dem Geschehensablauf in seiner unterschiedlichen Dynamik auseinanderzusetzen, der bis hin zum verpassten \u201epoint of no return\u201c verl\u00e4uft, nach dem kein Entkommen mehr m\u00f6glich ist.&nbsp;<\/p>\n\n\n\n<p>Bei Fragen sprechen Sie uns gerne an, wenn Sie Durst haben, auch. Wir bieten nichts an, was wir nicht auch selber trinken w\u00fcrden. Getr\u00e4nke sind gegen Spende erh\u00e4ltlich.&nbsp;Der Eintritt ist frei, aber sie d\u00fcrfen gerne welchen spenden. Wir konzipieren diese Ausstellungen und betreiben diesen Ort, weil wir es wichtig finden, dass es Positionen zwischen staatlichen Museen und kommerziellen Galerien einerseits und eher unstetigen Plattformen f\u00fcr Nachwuchskunst andererseits gibt, zum einen, um noch nicht etablierte Kunstschaffende besser zu f\u00f6rdern, und zum anderen, um eine lebendige Kultur f\u00fcr die Kommunikation zwischen Kunst und \u00d6ffentlichkeit zu schaffen.&nbsp;Lesen Sie noch immer? Wie sch\u00f6n.. \u00dcberhaupt, wie sind Sie auf uns aufmerksam geworden? Oder seit wann kennen Sie uns schon? Von wo kommen Sie? Was nehmen Sie heute mit zur\u00fcck? Vielleicht erz\u00e4hlen Sie uns ja mal davon. Wir sind neugierig.. und schliesslich haben Sie sich schon den ganzen Abend damit besch\u00e4ftigt &#8211; mit dem Preisgeben.<\/p>\n\n\n\n<div style=\"height:40px\" aria-hidden=\"true\" class=\"wp-block-spacer\"><\/div>\n\n\n\n<div class=\"wp-block-columns\">\n<div class=\"wp-block-column\">\n<div class=\"wp-block-columns\">\n<div class=\"wp-block-column\">\n<figure class=\"wp-block-image size-large\"><a href=\"http:\/\/broerart.com\/portfolio\/wp-content\/uploads\/2023\/04\/boil-the-frog_-01-2023-Bleistift-auf-Papier-297mmx210mm.jpg\"><img loading=\"lazy\" width=\"450\" height=\"640\" src=\"http:\/\/broerart.com\/portfolio\/wp-content\/uploads\/2023\/04\/boil-the-frog_-01-2023-Bleistift-auf-Papier-297mmx210mm.jpg\" alt=\"\" class=\"wp-image-639\" srcset=\"http:\/\/broerart.com\/portfolio\/wp-content\/uploads\/2023\/04\/boil-the-frog_-01-2023-Bleistift-auf-Papier-297mmx210mm.jpg 450w, http:\/\/broerart.com\/portfolio\/wp-content\/uploads\/2023\/04\/boil-the-frog_-01-2023-Bleistift-auf-Papier-297mmx210mm-211x300.jpg 211w\" sizes=\"(max-width: 450px) 100vw, 450px\" \/><\/a><\/figure>\n<\/div>\n\n\n\n<div class=\"wp-block-column\">\n<figure class=\"wp-block-image size-large\"><a href=\"http:\/\/broerart.com\/portfolio\/wp-content\/uploads\/2023\/04\/boil-the-frog_-03-2023-Bleistift-auf-Papier-297mmx210mm.jpeg\"><img loading=\"lazy\" width=\"454\" height=\"640\" src=\"http:\/\/broerart.com\/portfolio\/wp-content\/uploads\/2023\/04\/boil-the-frog_-03-2023-Bleistift-auf-Papier-297mmx210mm.jpeg\" alt=\"\" class=\"wp-image-638\" srcset=\"http:\/\/broerart.com\/portfolio\/wp-content\/uploads\/2023\/04\/boil-the-frog_-03-2023-Bleistift-auf-Papier-297mmx210mm.jpeg 454w, http:\/\/broerart.com\/portfolio\/wp-content\/uploads\/2023\/04\/boil-the-frog_-03-2023-Bleistift-auf-Papier-297mmx210mm-213x300.jpeg 213w\" sizes=\"(max-width: 454px) 100vw, 454px\" \/><\/a><\/figure>\n<\/div>\n\n\n\n<div class=\"wp-block-column\">\n<figure class=\"wp-block-image size-large\"><a href=\"http:\/\/broerart.com\/portfolio\/wp-content\/uploads\/2023\/04\/boil-the-frog_-06-2023-Bleistift-auf-Papier-297mmx210mm.jpg\"><img loading=\"lazy\" width=\"449\" height=\"640\" src=\"http:\/\/broerart.com\/portfolio\/wp-content\/uploads\/2023\/04\/boil-the-frog_-06-2023-Bleistift-auf-Papier-297mmx210mm.jpg\" alt=\"\" class=\"wp-image-637\" srcset=\"http:\/\/broerart.com\/portfolio\/wp-content\/uploads\/2023\/04\/boil-the-frog_-06-2023-Bleistift-auf-Papier-297mmx210mm.jpg 449w, http:\/\/broerart.com\/portfolio\/wp-content\/uploads\/2023\/04\/boil-the-frog_-06-2023-Bleistift-auf-Papier-297mmx210mm-210x300.jpg 210w\" sizes=\"(max-width: 449px) 100vw, 449px\" \/><\/a><\/figure>\n<\/div>\n<\/div>\n<\/div>\n\n\n\n<div class=\"wp-block-column\">\n<div class=\"wp-block-columns\">\n<div class=\"wp-block-column\">\n<figure class=\"wp-block-image size-large\"><a href=\"http:\/\/broerart.com\/portfolio\/wp-content\/uploads\/2023\/04\/boil-the-frog_-07-2023-Bleistift-auf-Papier-297mmx210mm.jpeg\"><img loading=\"lazy\" width=\"438\" height=\"640\" src=\"http:\/\/broerart.com\/portfolio\/wp-content\/uploads\/2023\/04\/boil-the-frog_-07-2023-Bleistift-auf-Papier-297mmx210mm.jpeg\" alt=\"\" class=\"wp-image-636\" srcset=\"http:\/\/broerart.com\/portfolio\/wp-content\/uploads\/2023\/04\/boil-the-frog_-07-2023-Bleistift-auf-Papier-297mmx210mm.jpeg 438w, http:\/\/broerart.com\/portfolio\/wp-content\/uploads\/2023\/04\/boil-the-frog_-07-2023-Bleistift-auf-Papier-297mmx210mm-205x300.jpeg 205w\" sizes=\"(max-width: 438px) 100vw, 438px\" \/><\/a><\/figure>\n<\/div>\n\n\n\n<div class=\"wp-block-column\">\n<figure class=\"wp-block-image size-large\"><a href=\"http:\/\/broerart.com\/portfolio\/wp-content\/uploads\/2023\/04\/boil-the-frog_-09-2023-Bleistift-auf-Papier-297mmx210mm.jpeg\"><img loading=\"lazy\" width=\"457\" height=\"640\" src=\"http:\/\/broerart.com\/portfolio\/wp-content\/uploads\/2023\/04\/boil-the-frog_-09-2023-Bleistift-auf-Papier-297mmx210mm.jpeg\" alt=\"\" class=\"wp-image-635\" srcset=\"http:\/\/broerart.com\/portfolio\/wp-content\/uploads\/2023\/04\/boil-the-frog_-09-2023-Bleistift-auf-Papier-297mmx210mm.jpeg 457w, http:\/\/broerart.com\/portfolio\/wp-content\/uploads\/2023\/04\/boil-the-frog_-09-2023-Bleistift-auf-Papier-297mmx210mm-214x300.jpeg 214w\" sizes=\"(max-width: 457px) 100vw, 457px\" \/><\/a><\/figure>\n<\/div>\n\n\n\n<div class=\"wp-block-column\"><\/div>\n<\/div>\n<\/div>\n<\/div>\n\n\n\n<p>Die Performance &#8222;PREISgeben&#8220; von SIMONE FEZER zur Finissage am 14. Mai ist eine Tirade \u00fcber den Wert und die beWERTung der Kunst. Eine Polemik \u00fcber die ambige Beziehung von K\u00fcnstler:in und Kunstbetrieb, ein kulturpolitisches Manifest, das die immer noch aktuellen feudalen Praktiken des Kunstmarktes anprangert und dabei gleichzeitig die zwiegespaltene Rolle der Kunstschaffenden darin reflektiert.<\/p>\n\n\n\n<p>Die Erz\u00e4hlungen dieser Ausstellung wurden geschaffen von den K\u00fcnstler:innen. Die Textredaktion hatte Gerald Chors.&nbsp;<\/p>\n\n\n\n<p><strong>Vernissage:&nbsp;<br><\/strong>Donnerstag, 13.4.2023 19 Uhr<br>Die K\u00fcnstler:innen sind anwesend.<\/p>\n\n\n\n<p><strong>Laufzeit:&nbsp;<br><\/strong>Donnerstag, 13.4.2023 bis Sonntag, 14.5.2023<\/p>\n\n\n\n<p><strong>\u00d6ffnungszeiten:&nbsp;<br><\/strong>Sonnabends, Sonntags, Montags und Dienstags jeweils von 18-21 Uhr und nach Vereinbarung<\/p>\n\n\n\n<p><strong>Finissage:&nbsp;<br><\/strong>Sonntag, 14.5.2023 von 11-16 Uhr<\/p>\n\n\n\n<p><strong>Performance:&nbsp;<br><\/strong>Sonntag, 14.5.2023 um 14 Uhr<\/p>\n\n\n\n<p><strong>Ort:&nbsp;<br><\/strong>xpon-art gallery&nbsp;<br>Repsoldstra\u00dfe 45&nbsp;<br>20097 Hamburg&nbsp;<br><\/p>\n\n\n\n<p class=\"has-black-color has-text-color\"><a rel=\"noreferrer noopener\" href=\"https:\/\/deref-gmx.net\/mail\/client\/dIOzy8j0zyk\/dereferrer\/?redirectUrl=https%3A%2F%2Fl.facebook.com%2Fl.php%3Fu%3Dhttp%253A%252F%252Fwww.xpon-art.de%252F%253Ffbclid%253DIwAR0myrHxT3h4PCQ00SfEECw0qCMsU5vXlMO9S4ja501KzFScPrxhT7affa4%26h%3DAT0kU9g6RZfgxfJotre_aeITqtzJj1U9P42evF17g9RPc_5Eh8SiMHJMODlveVnpRAgWSeVJ5y53mgyseOEVpzfF3o7JKrHlIDFwG1VkyuzP3Gy9o_njokheaxnX_v9X94Zhkqk%26__tn__%3Dq%26c%5B0%5D%3DAT1KRjgrdGQk_CoFBTqGxaA_Ix_GS0NswXyQd5c6j598GEa8BT7fK9XHTDIhwl0SzMmYD2I-lMgLFF28LEZbtfbrwFpz7Pom4H10dm4FUEl7QUgK1ji2_iALa8EQF-TMbP4bLCWAILsCyUSp3GoCVVX1dsXcx9l6goUvH7egmewi-1ER0CoZ\" target=\"_blank\"><strong>www.xpon-art.de<\/strong><\/a><\/p>\n\n\n\n<div style=\"height:100px\" aria-hidden=\"true\" class=\"wp-block-spacer\"><\/div>\n\n\n\n<div class=\"wp-block-image is-style-default\"><figure class=\"alignleft size-large\"><img loading=\"lazy\" width=\"1024\" height=\"962\" src=\"http:\/\/broerart.com\/portfolio\/wp-content\/uploads\/2023\/04\/Unbenannt-1-1024x962.jpg\" alt=\"\" class=\"wp-image-628\" srcset=\"http:\/\/broerart.com\/portfolio\/wp-content\/uploads\/2023\/04\/Unbenannt-1-1024x962.jpg 1024w, http:\/\/broerart.com\/portfolio\/wp-content\/uploads\/2023\/04\/Unbenannt-1-300x282.jpg 300w, http:\/\/broerart.com\/portfolio\/wp-content\/uploads\/2023\/04\/Unbenannt-1-768x721.jpg 768w, http:\/\/broerart.com\/portfolio\/wp-content\/uploads\/2023\/04\/Unbenannt-1-1536x1443.jpg 1536w, http:\/\/broerart.com\/portfolio\/wp-content\/uploads\/2023\/04\/Unbenannt-1-2048x1924.jpg 2048w, http:\/\/broerart.com\/portfolio\/wp-content\/uploads\/2023\/04\/Unbenannt-1-700x658.jpg 700w, http:\/\/broerart.com\/portfolio\/wp-content\/uploads\/2023\/04\/Unbenannt-1-1100x1033.jpg 1100w\" sizes=\"(max-width: 1024px) 100vw, 1024px\" \/><\/figure><\/div>\n\n\n\n<div style=\"height:100px\" aria-hidden=\"true\" class=\"wp-block-spacer\"><\/div>\n\n\n\n<p>Im Verlaufe der Ausstellung werden, insbesondere auch f\u00fcr diejenigen interessant, die einen Besuch nach wie vor vermeiden m\u00fcssen, 360\u00b0-Ansichten auf der Homepage eingepflegt.<br>Wir bitten, trotz allem an Corona zu denken und sich entsprechend zu verhalten.&nbsp;\u00dcber abweichende \u00d6ffnungszeiten informieren wir Sie auf unserer Homepage, unserem Instagram Account @xponartgallery und unserer Facebook Seite&nbsp;<\/p>\n\n\n\n<p class=\"has-black-color has-text-color\"><a rel=\"noreferrer noopener\" href=\"https:\/\/deref-gmx.net\/mail\/client\/tKHrUMdQ2mI\/dereferrer\/?redirectUrl=https%3A%2F%2Fwww.facebook.com%2Fxponart%3F__cft__%5B0%5D%3DAZWdGglX1uC7wG81mp3bJv88toWTcaETe2ux8sxi-IKu6xdL-UNKqY-v4h6szbQkO1-m25NilE6cviBRbkan4z3t0MlSHifwsAfMNRy3VdIX5KcV4kmHmo2HqQ5CjsSGJOujX5PFGLR06OHPcRGPjselAdbYB8EOKY59douFgIb68Q%26__tn__%3Dq\" target=\"_blank\"><strong>facebook.com\/xponart<\/strong><\/a><\/p>\n\n\n\n<p>mit freundlicher Unterst\u00fctzung der Beh\u00f6rde f\u00fcr Kultur und Medien Hamburg<\/p>\n\n\n\n<div style=\"height:100px\" aria-hidden=\"true\" class=\"wp-block-spacer\"><\/div>\n","protected":false},"excerpt":{"rendered":"<p>Ank\u00fcndigung der Ausstellung: preisGEBEN ::: thematische Gruppenausstellung in der xpon-art gallery Er\u00f6ffnung am Donnerstag, den 13. April 2023 um 19 UhrIm Anschluss ge\u00f6ffnet bis zum 14. Mai 2023Performance zur Finissage um 14 Uhr Teilnehmende K\u00fcnstler:innen:Almut E. Bro\u00ebr, Anna Grahlmann, Anna Rose, Lilli Weinstein, Mathias Will,&#8230;<\/p>\n","protected":false},"author":1,"featured_media":0,"parent":0,"menu_order":0,"comment_status":"closed","ping_status":"closed","template":"","meta":[],"_links":{"self":[{"href":"http:\/\/broerart.com\/portfolio\/wp-json\/wp\/v2\/pages\/400"}],"collection":[{"href":"http:\/\/broerart.com\/portfolio\/wp-json\/wp\/v2\/pages"}],"about":[{"href":"http:\/\/broerart.com\/portfolio\/wp-json\/wp\/v2\/types\/page"}],"author":[{"embeddable":true,"href":"http:\/\/broerart.com\/portfolio\/wp-json\/wp\/v2\/users\/1"}],"replies":[{"embeddable":true,"href":"http:\/\/broerart.com\/portfolio\/wp-json\/wp\/v2\/comments?post=400"}],"version-history":[{"count":20,"href":"http:\/\/broerart.com\/portfolio\/wp-json\/wp\/v2\/pages\/400\/revisions"}],"predecessor-version":[{"id":646,"href":"http:\/\/broerart.com\/portfolio\/wp-json\/wp\/v2\/pages\/400\/revisions\/646"}],"wp:attachment":[{"href":"http:\/\/broerart.com\/portfolio\/wp-json\/wp\/v2\/media?parent=400"}],"curies":[{"name":"wp","href":"https:\/\/api.w.org\/{rel}","templated":true}]}}